{"id":9,"date":"2021-03-20T13:50:18","date_gmt":"2021-03-20T12:50:18","guid":{"rendered":"https:\/\/pabelick.eu\/?page_id=9"},"modified":"2021-03-20T14:27:17","modified_gmt":"2021-03-20T13:27:17","slug":"ueber-uns","status":"publish","type":"page","link":"https:\/\/pabelick.eu\/?page_id=9","title":{"rendered":"\u00dcber mich"},"content":{"rendered":"\n<p><strong>Geboren<\/strong> 1966 in D\u00fcsseldorf <strong>Studium<\/strong> der Rechtswissenschaften an den Universit\u00e4ten Bayreuth, Albert-Ludwigs-Universit\u00e4t Freiburg und der Albertus-Magnus-Universit\u00e4t zu K\u00f6ln, erstes und zweites juristisches Staatsexamen 1994 und 1997 <strong>Praktika und Auslandsaufenthalte<\/strong> u.a. Summer School Harvard, Universite\u00e9 d\u2019\u00e9t\u00e9 in Lyon, Praktika bei Henkel, D\u00fcsseldorf und Dublin, f\u00fcr Soziet\u00e4ten und Institutionen in Lyon, Br\u00fcssel und London<strong> Weiterbildung<\/strong> Fachanwaltskurs f\u00fcr Arbeitsrecht (<strong>Fachanw\u00e4ltin f\u00fcr Arbeitsrecht seit 2003<\/strong>) <strong>Karriere<\/strong> Referendariat am Landgericht D\u00fcsseldorf, Assistentin der Redaktion \u201eBoulevard Bio\u201c in K\u00f6ln, Lehrbeauftragte an der Fachhochschule D\u00fcsseldorf, seit 2000 Rechtsanw\u00e4ltin in der Kanzlei Kau Rechtsanw\u00e4lte in D\u00fcsseldorf, Magisterstudium europ\u00e4isches und Internatinales Recht 2007-2009 (<strong>LL.M.Eur. seit 2009<\/strong>). Seit 01.01.2017 in eigener Kanzlei in B\u00fcrogemeinschaft mit Consulta Wagemann + Partner PartG mbB.<\/p>\n","protected":false},"excerpt":{"rendered":"<p>Geboren 1966 in D\u00fcsseldorf Studium der Rechtswissenschaften an den Universit\u00e4ten Bayreuth, Albert-Ludwigs-Universit\u00e4t Freiburg und der Albertus-Magnus-Universit\u00e4t zu K\u00f6ln, erstes und zweites juristisches Staatsexamen 1994 und 1997 Praktika und Auslandsaufenthalte u.a. Summer School Harvard, Universite\u00e9 d\u2019\u00e9t\u00e9 in Lyon, Praktika bei Henkel, D\u00fcsseldorf und Dublin, f\u00fcr Soziet\u00e4ten und Institutionen in Lyon, Br\u00fcssel und London Weiterbildung Fachanwaltskurs f\u00fcr &hellip; <\/p>\n<p class=\"link-more\"><a href=\"https:\/\/pabelick.eu\/?page_id=9\" class=\"more-link\"><span class=\"screen-reader-text\">\u201e\u00dcber mich\u201c<\/span> weiterlesen<\/a><\/p>\n","protected":false},"author":1,"featured_media":0,"parent":0,"menu_order":0,"comment_status":"closed","ping_status":"closed","template":"","meta":{"footnotes":""},"_links":{"self":[{"href":"https:\/\/pabelick.eu\/index.php?rest_route=\/wp\/v2\/pages\/9"}],"collection":[{"href":"https:\/\/pabelick.eu\/index.php?rest_route=\/wp\/v2\/pages"}],"about":[{"href":"https:\/\/pabelick.eu\/index.php?rest_route=\/wp\/v2\/types\/page"}],"author":[{"embeddable":true,"href":"https:\/\/pabelick.eu\/index.php?rest_route=\/wp\/v2\/users\/1"}],"replies":[{"embeddable":true,"href":"https:\/\/pabelick.eu\/index.php?rest_route=%2Fwp%2Fv2%2Fcomments&post=9"}],"version-history":[{"count":3,"href":"https:\/\/pabelick.eu\/index.php?rest_route=\/wp\/v2\/pages\/9\/revisions"}],"predecessor-version":[{"id":38,"href":"https:\/\/pabelick.eu\/index.php?rest_route=\/wp\/v2\/pages\/9\/revisions\/38"}],"wp:attachment":[{"href":"https:\/\/pabelick.eu\/index.php?rest_route=%2Fwp%2Fv2%2Fmedia&parent=9"}],"curies":[{"name":"wp","href":"https:\/\/api.w.org\/{rel}","templated":true}]}}